{"id":2211,"date":"2025-01-15T18:41:58","date_gmt":"2025-01-15T17:41:58","guid":{"rendered":"https:\/\/naturformat.de\/wordpress\/?page_id=2211"},"modified":"2025-01-15T19:07:42","modified_gmt":"2025-01-15T18:07:42","slug":"podcast","status":"publish","type":"page","link":"https:\/\/naturformat.de\/wordpress\/podcast\/","title":{"rendered":"Podcast"},"content":{"rendered":"<p><img decoding=\"async\" class=\"alignleft wp-image-2213\" src=\"https:\/\/naturformat.de\/wordpress\/wp-content\/uploads\/2025\/01\/podcast_logo_waldmann_wesch_3000x2250-1024x768.jpg\" alt=\"\" width=\"600\" height=\"450\" srcset=\"https:\/\/naturformat.de\/wordpress\/wp-content\/uploads\/2025\/01\/podcast_logo_waldmann_wesch_3000x2250-1024x768.jpg 1024w, https:\/\/naturformat.de\/wordpress\/wp-content\/uploads\/2025\/01\/podcast_logo_waldmann_wesch_3000x2250-300x225.jpg 300w, https:\/\/naturformat.de\/wordpress\/wp-content\/uploads\/2025\/01\/podcast_logo_waldmann_wesch_3000x2250-150x113.jpg 150w, https:\/\/naturformat.de\/wordpress\/wp-content\/uploads\/2025\/01\/podcast_logo_waldmann_wesch_3000x2250-768x576.jpg 768w, https:\/\/naturformat.de\/wordpress\/wp-content\/uploads\/2025\/01\/podcast_logo_waldmann_wesch_3000x2250-1536x1152.jpg 1536w, https:\/\/naturformat.de\/wordpress\/wp-content\/uploads\/2025\/01\/podcast_logo_waldmann_wesch_3000x2250-2048x1536.jpg 2048w, https:\/\/naturformat.de\/wordpress\/wp-content\/uploads\/2025\/01\/podcast_logo_waldmann_wesch_3000x2250-155x116.jpg 155w\" sizes=\"(max-width: 600px) 100vw, 600px\" \/><\/p>\n<p>An einem Abend auf dem Internationalen Naturfotofestival der Gesellschaft f\u00fcr Naturfotografie e.V. 2024 in L\u00fcnen kamen <a href=\"https:\/\/www.felixwesch.de\/\" target=\"_blank\" rel=\"noopener\">Felix Wesch<\/a> (Bonn) und mir die Idee zu einem gemeinsamen Podcast. Uns verbindet neben der Leidenschaft f\u00fcr die Naturfotografie auch unsere Wurzeln in Baden-W\u00fcrttemberg (wie unschwer zu \u00fcberh\u00f6ren ist).<br \/>\nPodcasts zur (Natur-)Fotografie gibt es doch inzwischen wie Sand am Meer \u2013 warum noch einen? Gute Frage\u2026Schnell war uns klar, um was es nicht gehen soll: Technik ohne Ende, Werbung f\u00fcr Workshops und Produkte, Selbstbeweihr\u00e4ucherung bis zum Abwinken oder Besserwisserei. Vielmehr wollen wir uns \u00fcber das austauschen, was jede und jeden da drau\u00dfen ber\u00fchrt und besch\u00e4ftigt, wenn er leidenschaftlich mit der Kamera in der Natur unterwegs ist. Mit allen H\u00f6hen und Tiefen, egal ob Amateur oder Profi. Es geht um Freude, um die Suche nach Gl\u00fcck, um Scheitern, um Licht und Komposition, um Motivation, um Anspruch und Realit\u00e4t und um vieles mehr. Dabei wandeln wir auf dem schmalen Grad zwischen Ernst, Spa\u00df und Sarkasmus. Ob das immer gelingt \u2013 entscheidet selbst&#8230;<\/p>\n\t\t\t<style type=\"text\/css\"><\/style>\n\t\t\t<div id=\"pp-podcast-2949\" class=\"pp-podcast has-header header-hidden has-featured playerview media-audio\"  data-teaser=\"\" data-elength=\"25\" data-eunit=\"\" data-ppsdata=\"{&quot;ppe-2949-1&quot;:{&quot;title&quot;:&quot;15. Im Chaos der Fr\\u00fchlingsgef\\u00fchle&quot;,&quot;description&quot;:&quot;&lt;p&gt;Der Fr\\u00fchling ist da! Endlich k\\u00f6nnen wir uns wieder Blausternchen, K\\u00fcchenschellen, Buschwindr\\u00f6schen und Co. hemmungslos hingeben. Alle Jahre wieder &#8211; fehlt Kreativit\\u00e4t f\\u00fcr neue Bildideen und Herangehensweisen, zumindest teilweise. Wie wir den Fr\\u00fchling erleben, emotional, fotografisch und in unserem Kopfkino, erfahrt ihr in der 15. Folge unseres Podcasts. Wir sprechen \\u00fcber Visionen vom \\u201cperfekten\\u201d Fr\\u00fchlingsbild, \\u00fcber geplante Fototouren, aber auch \\u00fcber Ausfl\\u00fcge in die Analogfotografie und einer erfolgreichen Ausstellungser\\u00f6ffnung. Eine chaotisch bunte, emotionsreiche Fr\\u00fchlingsfolge wartet auf euch ;-) &lt;\\\/p&gt;\\n&lt;p&gt;In der Folge angedrohte Links:&lt;\\\/p&gt;\\n&lt;p&gt;&#8211; &lt;a href=\\&quot;https:\\\/\\\/www.felixwesch.de\\\/ausstellung\\&quot;&gt;Internetseite zur Ausstellung von Felix&lt;\\\/a&gt;&lt;br \\\/&gt;\\n&#8211; &lt;a href=\\&quot;https:\\\/\\\/www.youtube.com\\\/watch?v=YkH6DmRablk\\&quot;&gt;Video zum leuchtenden Buschwindr\\u00f6schen in der blauen Stunde von Felix&lt;\\\/a&gt;&lt;\\\/p&gt;\\n&quot;,&quot;author&quot;:&quot;Benjamin Waldmann, Felix Wesch&quot;,&quot;date&quot;:&quot;27. M\\u00e4rz 2026&quot;,&quot;link&quot;:&quot;https:\\\/\\\/podcast.felixwesch.de\\\/20260327_Fertig_128kbps.mp3&quot;,&quot;src&quot;:&quot;https:\\\/\\\/podcast.felixwesch.de\\\/20260327_Fertig_128kbps.mp3&quot;,&quot;featured&quot;:&quot;https:\\\/\\\/podcast.felixwesch.de\\\/podcast-cover.jpg&quot;,&quot;featured_id&quot;:0,&quot;mediatype&quot;:&quot;audio&quot;,&quot;season&quot;:0,&quot;categories&quot;:[],&quot;duration&quot;:&quot;49:32&quot;,&quot;episodetype&quot;:&quot;full&quot;,&quot;timestamp&quot;:1774598400,&quot;key&quot;:&quot;97bb3990bcaaf848842d9a142b775ea4&quot;,&quot;fset&quot;:&quot;&quot;,&quot;fratio&quot;:1},&quot;ppe-2949-2&quot;:{&quot;title&quot;:&quot;14. Vom Ausl\\u00f6sen zum Vergessen: Fotos f\\u00fcr den Festplattenfriedhof&quot;,&quot;description&quot;:&quot;&lt;p&gt;In unserer 14. Podcastfolge dreht sich alles um das Thema \\u201cBildpr\\u00e4sentation\\u201d. Egal ob im Netz, auf der Leinwand, in Buchform oder an der Wand. Wir sprechen \\u00fcber unsere Erfahrungen und Vorlieben, um die Bilder vom Festplattenfriedhof zu Betrachtern zu bringen. Und wie wir dann manchmal daran scheitern, da die Drucke zu teuer, der Zweifel am (kommerziellen) Erfolg eines Buches zu gro\\u00df oder der Aufwand f\\u00fcr die st\\u00e4ndige Inhaltspflege auf der Webseite zu abschreckend ist. Ein vielschichtiges Thema und deshalb eine etwas l\\u00e4ngere Folge &#8211; viel Spa\\u00df beim Zuh\\u00f6ren.&lt;\\\/p&gt;\\n&lt;p&gt;Ein paar Links:&lt;\\\/p&gt;\\n&lt;p&gt;Felix&lt;br \\\/&gt;\\n&#8211; &lt;a href=\\&quot;https:\\\/\\\/www.felixwesch.de\\&quot;&gt;Internetseite&lt;\\\/a&gt;&lt;br \\\/&gt;\\n&#8211; &lt;a href=\\&quot;https:\\\/\\\/www.instagram.com\\\/felixwesch\\&quot;&gt;Instagram&lt;\\\/a&gt;&lt;br \\\/&gt;\\n&#8211; &lt;a href=\\&quot;https:\\\/\\\/www.flickr.com\\\/photos\\\/30703379@N02\\\/\\&quot;&gt;Flickr&lt;\\\/a&gt;&lt;br \\\/&gt;\\n&#8211; &lt;a href=\\&quot;https:\\\/\\\/www.felixwesch.de\\\/ausstellung\\&quot;&gt;Ausstellung &#8222;Wald&#8220;&lt;\\\/a&gt;&lt;\\\/p&gt;\\n&lt;p&gt;Benjamin&lt;br \\\/&gt;\\n&#8211; &lt;a href=\\&quot;https:\\\/\\\/naturformat.de\\\/wordpress\\\/\\&quot;&gt;Internetseite&lt;\\\/a&gt;&lt;br \\\/&gt;\\n&#8211; &lt;a href=\\&quot;https:\\\/\\\/www.facebook.com\\\/benjamin.waldmann.73\\&quot;&gt;Facebook&lt;\\\/a&gt;&lt;br \\\/&gt;\\n&#8211; &lt;a href=\\&quot;https:\\\/\\\/www.instagram.com\\\/benjaminwaldmann\\&quot;&gt;Instagram&lt;\\\/a&gt;&lt;br \\\/&gt;\\n&#8211; &lt;a href=\\&quot;https:\\\/\\\/wildealb.de\\&quot;&gt;Wilde Alb&lt;\\\/a&gt;&lt;\\\/p&gt;\\n&quot;,&quot;author&quot;:&quot;Benjamin Waldmann, Felix Wesch&quot;,&quot;date&quot;:&quot;5. M\\u00e4rz 2026&quot;,&quot;link&quot;:&quot;https:\\\/\\\/podcast.felixwesch.de\\\/20260305_Fertig_128kbps.mp3&quot;,&quot;src&quot;:&quot;https:\\\/\\\/podcast.felixwesch.de\\\/20260305_Fertig_128kbps.mp3&quot;,&quot;featured&quot;:&quot;https:\\\/\\\/podcast.felixwesch.de\\\/podcast-cover.jpg&quot;,&quot;featured_id&quot;:0,&quot;mediatype&quot;:&quot;audio&quot;,&quot;season&quot;:0,&quot;categories&quot;:[],&quot;duration&quot;:&quot;01:00:23&quot;,&quot;episodetype&quot;:&quot;full&quot;,&quot;timestamp&quot;:1772704800,&quot;key&quot;:&quot;b273fa5568b617bfe422adb75c196e42&quot;,&quot;fset&quot;:&quot;&quot;,&quot;fratio&quot;:1},&quot;ppe-2949-3&quot;:{&quot;title&quot;:&quot;13. Warten auf die Geduld&quot;,&quot;description&quot;:&quot;&lt;p&gt;Wer wartet schon gerne? Was im Alltag h\\u00e4ufig als l\\u00e4stig oder stressig empfunden wird, kann in der Fotografie von Vorteil sein &#8211; oder nicht? Unsere 13. Folge handelt von Geduld. Und vom Warten &#8211; auf das richtige Licht, die perfekte Nebelstimmung oder tierische Motive. Ob Warten unsere St\\u00e4rke ist und was wir beim Warten und geduldig sein so erleben, berichten und diskutieren wir in dieser Folge.&lt;\\\/p&gt;\\n&quot;,&quot;author&quot;:&quot;Benjamin Waldmann, Felix Wesch&quot;,&quot;date&quot;:&quot;1. Februar 2026&quot;,&quot;link&quot;:&quot;https:\\\/\\\/podcast.felixwesch.de\\\/20260201_Fertig_128kbps.mp3&quot;,&quot;src&quot;:&quot;https:\\\/\\\/podcast.felixwesch.de\\\/20260201_Fertig_128kbps.mp3&quot;,&quot;featured&quot;:&quot;https:\\\/\\\/podcast.felixwesch.de\\\/podcast-cover.jpg&quot;,&quot;featured_id&quot;:0,&quot;mediatype&quot;:&quot;audio&quot;,&quot;season&quot;:0,&quot;categories&quot;:[],&quot;duration&quot;:&quot;41:02&quot;,&quot;episodetype&quot;:&quot;full&quot;,&quot;timestamp&quot;:1769940000,&quot;key&quot;:&quot;ef073c7af24512b26c0b3b052ec75a6d&quot;,&quot;fset&quot;:&quot;&quot;,&quot;fratio&quot;:1},&quot;ppe-2949-4&quot;:{&quot;title&quot;:&quot;12. Gemeinsam auf Fototour oder die fast perfekten Bedingungen&quot;,&quot;description&quot;:&quot;&lt;p&gt;Wesch besucht Waldmann und gemeinsam geht&#8217;s auf Fototour. Was wir auf der Schw\\u00e4bischen Alb zwischen traumhaften und nicht so traumhaften Bedingungen, Linsen mit Sp\\u00e4tzle und Bildbesprechungen so erlebt haben, erfahrt ihr in dieser 12. Folge unseres Podcasts. Und nat\\u00fcrlich geht es auch um Herangehensweisen, den Vor- und Nachteil von gemeinsamen Fototouren, schlechte Handschuhe und wie so oft um das entscheidende Element: Nebel.&lt;\\\/p&gt;\\n&lt;p&gt;Links zu im Podcast erw\\u00e4hnten Themen:&lt;br \\\/&gt;\\n&#8211; &lt;a href=\\&quot;https:\\\/\\\/www.felixwesch.com\\\/blog\\\/b62mgxl6bhuaddbwlrqtjtn51bcg84\\&quot;&gt;Blogbeitrag bei Felix&lt;\\\/a&gt;&lt;br \\\/&gt;\\n&#8211; &lt;a href=\\&quot;https:\\\/\\\/www.instagram.com\\\/p\\\/DRrEXJVF0GC\\\/\\&quot;&gt;Nicht fotografierbarer Baum von Benjamin (Instagram)&lt;\\\/a&gt;&lt;br \\\/&gt;\\n&#8211; &lt;a href=\\&quot;https:\\\/\\\/images.squarespace-cdn.com\\\/content\\\/v1\\\/68e12cbb9c789b096db90a3b\\\/1764261432580-6OCR60YB2I55WR0Q8O9L\\\/135.jpg\\&quot;&gt;Buchenbild von Felix&lt;\\\/a&gt;&lt;br \\\/&gt;\\n&#8211; &lt;a href=\\&quot;https:\\\/\\\/www.instagram.com\\\/p\\\/DRwAJUujOBd\\\/\\&quot;&gt;Turmfalke von Benjamin (Instagram)&lt;\\\/a&gt;&lt;br \\\/&gt;\\n&#8211; &lt;a href=\\&quot;https:\\\/\\\/images.squarespace-cdn.com\\\/content\\\/v1\\\/68e12cbb9c789b096db90a3b\\\/1764261517195-CJMKY8VLQZA3J8DH0FNL\\\/139.jpg\\&quot;&gt;Baum mit unscharfen Vordergrund von Felix&lt;\\\/a&gt;&lt;br \\\/&gt;\\n&#8211; &lt;a href=\\&quot;https:\\\/\\\/images.squarespace-cdn.com\\\/content\\\/v1\\\/68e12cbb9c789b096db90a3b\\\/1764395739970-2WBTRFV26TT931OHKAFK\\\/141.jpg\\&quot;&gt;Parkartige Baumgruppe von Felix&lt;\\\/a&gt;&lt;br \\\/&gt;\\n&#8211; &lt;a href=\\&quot;https:\\\/\\\/images.squarespace-cdn.com\\\/content\\\/v1\\\/68e12cbb9c789b096db90a3b\\\/1764261638750-AA80GT1TWSI0Y1GLNO03\\\/145.jpg\\&quot;&gt;Detailfoto von Felix&lt;\\\/a&gt;&lt;\\\/p&gt;\\n&quot;,&quot;author&quot;:&quot;Benjamin Waldmann, Felix Wesch&quot;,&quot;date&quot;:&quot;14. Dezember 2025&quot;,&quot;link&quot;:&quot;https:\\\/\\\/podcast.felixwesch.de\\\/20251214_Fertig_128kbps.mp3&quot;,&quot;src&quot;:&quot;https:\\\/\\\/podcast.felixwesch.de\\\/20251214_Fertig_128kbps.mp3&quot;,&quot;featured&quot;:&quot;https:\\\/\\\/podcast.felixwesch.de\\\/podcast-cover.jpg&quot;,&quot;featured_id&quot;:0,&quot;mediatype&quot;:&quot;audio&quot;,&quot;season&quot;:0,&quot;categories&quot;:[],&quot;duration&quot;:&quot;52:10&quot;,&quot;episodetype&quot;:&quot;full&quot;,&quot;timestamp&quot;:1765706400,&quot;key&quot;:&quot;6accebf3791c2663e9b80792c64f7244&quot;,&quot;fset&quot;:&quot;&quot;,&quot;fratio&quot;:1},&quot;ppe-2949-5&quot;:{&quot;title&quot;:&quot;11. L\\u00fcnen &#8211; ein R\\u00fcckblick auf das Internationale Naturfotofestival der GDT&quot;,&quot;description&quot;:&quot;&lt;p&gt;Schon ist es wieder vorbei &#8211; das Internationale Naturfotofestival der GDT (Gesellschaft f\\u00fcr Naturfotografie e.V.) in L\\u00fcnen. F\\u00fcr uns war es ein ganz besonderes Wochenende, denn genau vor einem Jahr in L\\u00fcnen entstand dort die Idee zu unserem Podcast \\u201cWaldmann &amp; Wesch\\u201d. In unseren 11. Podcastfolge lassen wir das Festival und die vielen Eindr\\u00fccke nochmals Revue passieren. Wir sprechen \\u00fcber die Ausstellungen, Vortr\\u00e4ge, die vielen Gespr\\u00e4che, das Kaffeemobil und ob wir sinnlos Geld im Pleasure-Dome alias Rundsporthalle ausgegeben haben! ;-) Und es ist tats\\u00e4chlich erstaunlich, wie viel an solch einem Wochenende passiert und wie lange man dar\\u00fcber reflektieren kann &#8211; aber h\\u00f6rt selbst.&lt;\\\/p&gt;\\n&lt;p&gt;Links zu im Podcast erw\\u00e4hnten Themen:&lt;br \\\/&gt;\\n&#8211; &lt;a href=\\&quot;https:\\\/\\\/www.gdtfoto.de\\\/seiten\\\/gdt-europaeischer-naturfotograf-des-jahres-galerie-2025.html\\&quot;&gt;Siegerbilder des Europ\\u00e4ischen Naturfotografen des Jahres der GDT 2025&lt;\\\/a&gt;&lt;br \\\/&gt;\\n&#8211; &lt;a href=\\&quot;https:\\\/\\\/www.gdtfoto.de\\\/seiten\\\/gdt-naturfotograf-des-jahres-2025.html\\&quot;&gt;Siegerbilder des GDT Naturfotografen des Jahres der GDT 2025&lt;\\\/a&gt;&lt;br \\\/&gt;\\n&#8211; &lt;a href=\\&quot;https:\\\/\\\/www.gdtfoto.de\\\/seiten\\\/gdt-europaeischer-naturfotograf-des-jahres-galerie-2025.html?g=gallery-big-1031162&amp;slide=1\\&quot;&gt;Felix\\u2019 Wahl f\\u00fcr den Preis des Publikums (Ivo Niermann &#8211; Nachtsicht)&lt;\\\/a&gt;&lt;br \\\/&gt;\\n&#8211; &lt;a href=\\&quot;https:\\\/\\\/www.gdtfoto.de\\\/seiten\\\/gdt-europaeischer-naturfotograf-des-jahres-galerie-2025.html?g=null&amp;slide=0\\&quot;&gt;Gesamtsieger (Luca Lorenz &#8211; Stille Verzweiflung)&lt;\\\/a&gt;&lt;br \\\/&gt;\\n&#8211; &lt;a href=\\&quot;https:\\\/\\\/www.gdtfoto.de\\\/seiten\\\/gdt-europaeischer-naturfotograf-des-jahres-galerie-2025.html?g=gallery-big-1031167&amp;slide=8\\&quot;&gt;Bild vom Ausstellungskatalog (\\u00c5smund Keilen &#8211; Sonnentanz)&lt;\\\/a&gt;&lt;br \\\/&gt;\\n&#8211; &lt;a href=\\&quot;https:\\\/\\\/www.tecklenborg-verlag.de\\\/buecher\\\/laender-und-landschaften\\\/1337\\\/bayerns-wilde-moore\\&quot;&gt;Buch: Bayerns wilde Moore&lt;\\\/a&gt;&lt;br \\\/&gt;\\n&#8211; &lt;a href=\\&quot;https:\\\/\\\/www.theobosboom.nl\\\/product\\\/photo-book-flowerscapes-a-bugs-eye-view-pre-order\\&quot;&gt;Buch: Flowerscapes&lt;\\\/a&gt;&lt;\\\/p&gt;\\n&quot;,&quot;author&quot;:&quot;Benjamin Waldmann, Felix Wesch&quot;,&quot;date&quot;:&quot;30. Oktober 2025&quot;,&quot;link&quot;:&quot;https:\\\/\\\/podcast.felixwesch.de\\\/20251030_Fertig_128kbps.mp3&quot;,&quot;src&quot;:&quot;https:\\\/\\\/podcast.felixwesch.de\\\/20251030_Fertig_128kbps.mp3&quot;,&quot;featured&quot;:&quot;https:\\\/\\\/podcast.felixwesch.de\\\/podcast-cover.jpg&quot;,&quot;featured_id&quot;:0,&quot;mediatype&quot;:&quot;audio&quot;,&quot;season&quot;:0,&quot;categories&quot;:[],&quot;duration&quot;:&quot;54:49&quot;,&quot;episodetype&quot;:&quot;full&quot;,&quot;timestamp&quot;:1761818400,&quot;key&quot;:&quot;3d52675d8305c3e188e4ad5da4d52c79&quot;,&quot;fset&quot;:&quot;&quot;,&quot;fratio&quot;:1},&quot;ppe-2949-6&quot;:{&quot;title&quot;:&quot;10. Naturfotografie im Urlaub&quot;,&quot;description&quot;:&quot;&lt;p&gt;Urlaub und Fotografie &#8211; das klingt doch paradiesisch! Doch h\\u00e4ufig steht man vor der Herausforderung, Urlaub mit Partnerin oder Partner oder sogar der Familie und fotografischen Ambitionen unter einen Hut zu bringen. Wir waren k\\u00fcrzlich im \\u201cUrlaub\\u201d und erz\\u00e4hlen in unserer 10. Podcast-Folge von unseren Erfahrungen, ob und wie so etwas gelingen kann. Dabei spannen wir den Bogen von Fragen wie \\u201cWas ist eigentlich Urlaub f\\u00fcr Dich?\\u201d bis hin zur Wahl des Urlaubsziels, der Lage der Unterkunft oder welches Equipment sich bew\\u00e4hrt hat. Dabei zeigen sich wieder einmal unterschiedliche Vorlieben und Herangehensweisen &#8211; so viel sei schon einmal verraten. Und nat\\u00fcrlich diskutieren wir intensiv, ob man die Kamera in solchen Urlaubskonstellationen nicht besser gleich daheim l\\u00e4sst &#8211; oder doch nicht? Viel Spa\\u00df mit unserer \\u201cUrlaubs-Folge\\u201d!&lt;\\\/p&gt;\\n&quot;,&quot;author&quot;:&quot;Benjamin Waldmann, Felix Wesch&quot;,&quot;date&quot;:&quot;21. Oktober 2025&quot;,&quot;link&quot;:&quot;https:\\\/\\\/podcast.felixwesch.de\\\/20251021_Fertig_128kbps.mp3&quot;,&quot;src&quot;:&quot;https:\\\/\\\/podcast.felixwesch.de\\\/20251021_Fertig_128kbps.mp3&quot;,&quot;featured&quot;:&quot;https:\\\/\\\/podcast.felixwesch.de\\\/podcast-cover.jpg&quot;,&quot;featured_id&quot;:0,&quot;mediatype&quot;:&quot;audio&quot;,&quot;season&quot;:0,&quot;categories&quot;:[],&quot;duration&quot;:&quot;58:03&quot;,&quot;episodetype&quot;:&quot;full&quot;,&quot;timestamp&quot;:1761040800,&quot;key&quot;:&quot;46f7bb9a327165f4349f0713cae6049d&quot;,&quot;fset&quot;:&quot;&quot;,&quot;fratio&quot;:1},&quot;ppe-2949-7&quot;:{&quot;title&quot;:&quot;9. Zuh\\u00f6rer:innen-Folge&quot;,&quot;description&quot;:&quot;&lt;p&gt;Die neunte Folge unseres Podcasts steht ganz im Zeichen unserer Zuh\\u00f6rerinnen und Zuh\\u00f6rer. Wir beantworten spontan die eingegangenen Fragen und Themen. Die Bandbreite war wirklich erstaunlich. Vielen Dank an euch da drau\\u00dfen! Es geht von technischen Fragen \\u00fcber den Einsatz von alten Objektiven bis hin zu Emotionen, die man empfindet, wenn man g\\u00e4nzlich unmanipulierte Szenen fotografiert. Wir diskutieren \\u00fcber Fehlk\\u00e4ufe, ICM-Techniken und worauf wir bei der Gestaltung des Vorder- und Hintergrundes so achten. Ein bunter Strau\\u00df und da d\\u00fcrfte tats\\u00e4chlich f\\u00fcr alle was dabei sein. Aber h\\u00f6rt einfach selbst.&lt;\\\/p&gt;\\n&lt;p&gt;Links zu im Podcast erw\\u00e4hnten Themen:&lt;br \\\/&gt;\\n&#8211; &lt;a href=\\&quot;https:\\\/\\\/www.gdtfoto.de\\\/seiten\\\/gdt-internationales-naturfotofestival-luenen.html\\&quot;&gt;GDT Internationales Naturfotofestival&lt;\\\/a&gt;&lt;br \\\/&gt;\\n&#8211; &lt;a href=\\&quot;https:\\\/\\\/www.gdtfoto.de\\\/seiten\\\/europaeischer-naturfotograf-des-jahres-wettbewerb.html\\&quot;&gt;Europ\\u00e4ischer Naturfotograf des Jahres&lt;\\\/a&gt;&lt;br \\\/&gt;\\n&#8211; &lt;a href=\\&quot;https:\\\/\\\/www.gdtfoto.de\\\/seiten\\\/gnj-wettbewerb.html\\&quot;&gt;GDT Naturfotograf des Jahres&lt;\\\/a&gt;&lt;br \\\/&gt;\\n&#8211; &lt;a href=\\&quot;https:\\\/\\\/www.gdtfoto.de\\\/seiten\\\/forum-naturfotografie.html\\&quot;&gt;forum naturfotografie (Zeitschrift)&lt;\\\/a&gt;&lt;\\\/p&gt;\\n&quot;,&quot;author&quot;:&quot;Benjamin Waldmann, Felix Wesch&quot;,&quot;date&quot;:&quot;17. August 2025&quot;,&quot;link&quot;:&quot;https:\\\/\\\/podcast.felixwesch.de\\\/20250814_Fertig_128kbps.mp3&quot;,&quot;src&quot;:&quot;https:\\\/\\\/podcast.felixwesch.de\\\/20250814_Fertig_128kbps.mp3&quot;,&quot;featured&quot;:&quot;https:\\\/\\\/podcast.felixwesch.de\\\/podcast-cover.jpg&quot;,&quot;featured_id&quot;:0,&quot;mediatype&quot;:&quot;audio&quot;,&quot;season&quot;:0,&quot;categories&quot;:[],&quot;duration&quot;:&quot;01:05:35&quot;,&quot;episodetype&quot;:&quot;full&quot;,&quot;timestamp&quot;:1755424800,&quot;key&quot;:&quot;8d1685524f67baf601e3c9c76bae93d3&quot;,&quot;fset&quot;:&quot;&quot;,&quot;fratio&quot;:1},&quot;ppe-2949-8&quot;:{&quot;title&quot;:&quot;8. Massenindividualit\\u00e4t in der Naturfotografie&quot;,&quot;description&quot;:&quot;&lt;p&gt;Nat\\u00fcrlich m\\u00f6chten wir alle mit unseren Bildern aus der t\\u00e4glichen Flut an Naturfotografien herausstechen. Doch heutzutage eine individuelle Herangehensweise zu finden ist alles andere als leicht, von einem eigenen Stil ganz abgesehen. So stellt sich die Frage, wie stark wir uns von den Betrachtern und Betrachterinnen der Bilder und von anderen Fotografien und deren Autoren beeinflussen lassen? Fotografieren wir nur noch, um zu gefallen, oder geht es um mehr? K\\u00f6nnen wir wirklich frei von Einfl\\u00fcssen durch eine Kamera auf das Motiv blicken? Und fotografieren wir wirklich das, was wir auch fotografieren wollen? In dieser zugegebenerma\\u00dfen mal wieder sehr philosophischen Folge geht es um die Individualit\\u00e4t in der (Natur)Fotografie und wie man diese denn erlangen kann &#8211; sofern man denn m\\u00f6chte. Aber h\\u00f6rt am besten selbst&#8230;&lt;\\\/p&gt;\\n&lt;p&gt;Wichtiger Hinweis:&lt;br \\\/&gt;\\nDie n\\u00e4chste Folge soll ganz im Zeichen unserer Zuh\\u00f6rerinnen und Zuh\\u00f6rer stehen. Wir wollen Fragen an uns beantworten und Themenvorschl\\u00e4ge und Stichworte, die von au\\u00dfen kommen, diskutieren. Eine Art &#8222;Plauderrunde&#8220; mit Tiefgang &#8211; hoffentlich. ;)&lt;br \\\/&gt;\\nSchickt uns deshalb bitte Fragen, Themen und Stichworte zu. Gerne per Mail oder als Nachrichten \\u00fcber unsere Instagram-Accounts oder YouTube-Kommentare. Alternativ per Flaschenpost oder Brieftaube.&lt;\\\/p&gt;\\n&quot;,&quot;author&quot;:&quot;Benjamin Waldmann, Felix Wesch&quot;,&quot;date&quot;:&quot;29. Juli 2025&quot;,&quot;link&quot;:&quot;https:\\\/\\\/podcast.felixwesch.de\\\/20250724_Fertig_128kbps.mp3&quot;,&quot;src&quot;:&quot;https:\\\/\\\/podcast.felixwesch.de\\\/20250724_Fertig_128kbps.mp3&quot;,&quot;featured&quot;:&quot;https:\\\/\\\/podcast.felixwesch.de\\\/podcast-cover.jpg&quot;,&quot;featured_id&quot;:0,&quot;mediatype&quot;:&quot;audio&quot;,&quot;season&quot;:0,&quot;categories&quot;:[],&quot;duration&quot;:&quot;58:41&quot;,&quot;episodetype&quot;:&quot;full&quot;,&quot;timestamp&quot;:1753783200,&quot;key&quot;:&quot;42ad17a9958aea3ed4fb59ed7e0064f7&quot;,&quot;fset&quot;:&quot;&quot;,&quot;fratio&quot;:1},&quot;ppe-2949-9&quot;:{&quot;title&quot;:&quot;7. Social Media und Naturfotografie&quot;,&quot;description&quot;:&quot;&lt;p&gt;Das Internet und insbesondere Social Media sind Segen und Fluch zugleich. Jahrelang waren eine eigene Homepage oder spezielle Communities die einzige M\\u00f6glichkeit, seine Bilder im Netz zu pr\\u00e4sentieren. Heute konsumieren wir Bilder in Instagram, Facebook und Co. in Bruchteilen von Sekunden oder folgen Fotografinnen und Fotografen auf YouTube bei ihren Fototouren. H\\u00e4ufig wird das \\u201cgute Bild\\u201d dabei zur Nebensache.&lt;\\\/p&gt;\\n&lt;p&gt;Benjamin und Felix berichten von ihren Anf\\u00e4ngen mit Blogs und der ersten eigenen Homepage und wann sie in die Welt der sozialen Medien eingestiegen und zum Teil wieder ausgestiegen sind. Ist eine eigene Homepage heute \\u00fcberhaupt noch zeitgem\\u00e4\\u00df? Was macht Instagram mit uns Naturfotografen? Verramschen wir unsere Bilder f\\u00fcr den Massenkonsum oder vernetzen wir uns und lassen uns durch Social Media inspirieren? Und wie lange dauert es eigentlich, eine Folge f\\u00fcr YouTube zu produzieren, Felix? All diese Fragen diskutieren wir in dieser Folge \\u2013 und sind uns, ausnahmsweise, in vielen Antworten einig.&lt;\\\/p&gt;\\n&lt;p&gt;Benjamin Waldmann:&lt;br \\\/&gt;\\nHomepage: &lt;a href=\\&quot;https:\\\/\\\/www.naturformat.de\\&quot;&gt;https:\\\/\\\/www.naturformat.de&lt;\\\/a&gt;&lt;br \\\/&gt;\\nFacebook: &lt;a href=\\&quot;https:\\\/\\\/www.facebook.com\\\/benjamin.waldmann.73\\&quot;&gt;https:\\\/\\\/www.facebook.com\\\/benjamin.waldmann.73&lt;\\\/a&gt;&lt;br \\\/&gt;\\nInstagram: &lt;a href=\\&quot;https:\\\/\\\/www.instagram.com\\\/benjaminwaldmann\\&quot;&gt;https:\\\/\\\/www.instagram.com\\\/benjaminwaldmann&lt;\\\/a&gt;&lt;\\\/p&gt;\\n&lt;p&gt;Felix Wesch:&lt;br \\\/&gt;\\nHomepage: &lt;a href=\\&quot;https:\\\/\\\/www.felixwesch.de\\&quot;&gt;https:\\\/\\\/www.felixwesch.de&lt;\\\/a&gt;&lt;br \\\/&gt;\\nBlog: &lt;a href=\\&quot;https:\\\/\\\/www.felixwesch.de\\\/blog\\&quot;&gt;https:\\\/\\\/www.felixwesch.de\\\/blog&lt;\\\/a&gt;&lt;br \\\/&gt;\\nInstagram: &lt;a href=\\&quot;https:\\\/\\\/www.instagram.com\\\/felixwesch\\&quot;&gt;https:\\\/\\\/www.instagram.com\\\/felixwesch&lt;\\\/a&gt;&lt;br \\\/&gt;\\nYouTube: &lt;a href=\\&quot;https:\\\/\\\/www.youtube.com\\\/@felixwesch\\&quot;&gt;https:\\\/\\\/www.youtube.com\\\/@felixwesch&lt;\\\/a&gt;&lt;\\\/p&gt;\\n&quot;,&quot;author&quot;:&quot;Benjamin Waldmann, Felix Wesch&quot;,&quot;date&quot;:&quot;22. Juni 2025&quot;,&quot;link&quot;:&quot;https:\\\/\\\/podcast.felixwesch.de\\\/20250620_Fertig_128kbps.mp3&quot;,&quot;src&quot;:&quot;https:\\\/\\\/podcast.felixwesch.de\\\/20250620_Fertig_128kbps.mp3&quot;,&quot;featured&quot;:&quot;https:\\\/\\\/podcast.felixwesch.de\\\/podcast-cover.jpg&quot;,&quot;featured_id&quot;:0,&quot;mediatype&quot;:&quot;audio&quot;,&quot;season&quot;:0,&quot;categories&quot;:[],&quot;duration&quot;:&quot;01:00:01&quot;,&quot;episodetype&quot;:&quot;full&quot;,&quot;timestamp&quot;:1750586400,&quot;key&quot;:&quot;7849801c9e6af3959f41f3511c71f63f&quot;,&quot;fset&quot;:&quot;&quot;,&quot;fratio&quot;:1},&quot;ppe-2949-10&quot;:{&quot;title&quot;:&quot;6. Der fotografische Blick &#8211; von der Motivsuche \\u00fcber das Licht zur Bild\\u00e4sthetik&quot;,&quot;description&quot;:&quot;&lt;p&gt;Wohl eine der gr\\u00f6\\u00dften Herausforderungen in der Naturfotografie: Motive finden, vor Ort deren Potential erkennen und dann so zu fotografieren, dass spannende und \\u201c\\u00e4sthetische\\u201d Bilder dabei entstehen. In unserer sechsten Podcastfolge unterhalten wir uns dar\\u00fcber, welche Herangehensweisen wir bei der Motivsuche w\\u00e4hlen und welche \\u00dcberlegungen wir vor Ort hinsichtlich Bildgestaltung, Lichtf\\u00fchrung und eingesetzter Technik anstellen. Dabei tauchen wir tief in den doch sehr subjektiven Begriff der \\u201c\\u00c4sthetik\\u201d ein und stellen fest, dass ohne Leidenschaft keine Bilder entstehen k\\u00f6nnen, die beim Betrachter Emotionen ausl\\u00f6sen. Eine emotional philosophische Folge mit gewollt ungewollten Bez\\u00fcgen zur Schlagermusik. ;)&lt;\\\/p&gt;\\n&quot;,&quot;author&quot;:&quot;Benjamin Waldmann, Felix Wesch&quot;,&quot;date&quot;:&quot;29. April 2025&quot;,&quot;link&quot;:&quot;https:\\\/\\\/podcast.felixwesch.de\\\/20250429_Fertig_128kbps.mp3&quot;,&quot;src&quot;:&quot;https:\\\/\\\/podcast.felixwesch.de\\\/20250429_Fertig_128kbps.mp3&quot;,&quot;featured&quot;:&quot;https:\\\/\\\/podcast.felixwesch.de\\\/podcast-cover.jpg&quot;,&quot;featured_id&quot;:0,&quot;mediatype&quot;:&quot;audio&quot;,&quot;season&quot;:0,&quot;categories&quot;:[],&quot;duration&quot;:&quot;01:06:35&quot;,&quot;episodetype&quot;:&quot;full&quot;,&quot;timestamp&quot;:1745920800,&quot;key&quot;:&quot;59b4af75580a2e23bef50495905613cd&quot;,&quot;fset&quot;:&quot;&quot;,&quot;fratio&quot;:1},&quot;ppe-2949-11&quot;:{&quot;title&quot;:&quot;5. Ich kaufe mir gute Bilder oder wie wichtig ist Technik tats\\u00e4chlich?&quot;,&quot;description&quot;:&quot;&lt;p&gt;Die neueste Kameratechnik. Objektive f\\u00fcr tausende von Euros. Damit m\\u00fcssen sich doch hervorragende Bilder machen lassen &#8211; oder!? Jetzt sind wir, anders als geplant, schon in Folge 5 beim Thema Technik gelandet. Ein Thema, an dem irgendwie doch keine Fotografin und kein Fotograf vorbeikommt und das regelm\\u00e4\\u00dfig f\\u00fcr viel Gespr\\u00e4chsstoff sorgt. Vielleicht auch f\\u00fcr zu viel? Doch wie wichtig ist all die zur Verf\\u00fcgung stehende Technik tats\\u00e4chlich? Sind Zeit und K\\u00f6nnen in der Naturfotografie nicht viel bedeutender als die beste Kamera und das sch\\u00e4rfste Objektiv? Wir philosophieren \\u00fcber \\u201cWunschobjektive\\u201d, \\u00fcber \\u201csch\\u00f6ne Kameras\\u201d und \\u00fcber die \\u201cStille beim Druck auf den Ausl\\u00f6ser\\u201d.&lt;\\\/p&gt;\\n&quot;,&quot;author&quot;:&quot;Benjamin Waldmann, Felix Wesch&quot;,&quot;date&quot;:&quot;1. April 2025&quot;,&quot;link&quot;:&quot;https:\\\/\\\/podcast.felixwesch.de\\\/20250401_Fertig_128kbps.mp3&quot;,&quot;src&quot;:&quot;https:\\\/\\\/podcast.felixwesch.de\\\/20250401_Fertig_128kbps.mp3&quot;,&quot;featured&quot;:&quot;https:\\\/\\\/podcast.felixwesch.de\\\/podcast-cover.jpg&quot;,&quot;featured_id&quot;:0,&quot;mediatype&quot;:&quot;audio&quot;,&quot;season&quot;:0,&quot;categories&quot;:[],&quot;duration&quot;:&quot;56:39&quot;,&quot;episodetype&quot;:&quot;full&quot;,&quot;timestamp&quot;:1743501600,&quot;key&quot;:&quot;baa43978210ae71ed337954a20438f8e&quot;,&quot;fset&quot;:&quot;&quot;,&quot;fratio&quot;:1},&quot;ppe-2949-12&quot;:{&quot;title&quot;:&quot;4. Birke oder Eisb\\u00e4r?&quot;,&quot;description&quot;:&quot;&lt;p&gt;Was hat ein Eisb\\u00e4r mit einer Birke zu tun? Auf den ersten Blick nichts. Viele Naturfotografinnen und -fotografen sind von Eisb\\u00e4ren fasziniert und w\\u00fcrden gerne diese Tiere in natura sehen und fotografieren. Birken hat vermutlich schon jede und jeder einmal gesehen, manche finden sie auch fotografisch spannend. Und genau um das geht es in unserer 4. Podcastfolge. Welche Motive in der Natur faszinieren uns besonders und warum? Und was wird viel fotografiert oder weckt Sehns\\u00fcchte &#8211; nur nicht bei uns, schon gar nicht in weiter Ferne? Was macht Motive wie heimische Orchideen f\\u00fcr uns beide so reizvoll? Erkl\\u00e4rungsversuche und viele Motivideen findet Ihr in dieser neuen Folge &#8211; viel Spa\\u00df damit!&lt;\\\/p&gt;\\n&quot;,&quot;author&quot;:&quot;Benjamin Waldmann, Felix Wesch&quot;,&quot;date&quot;:&quot;11. M\\u00e4rz 2025&quot;,&quot;link&quot;:&quot;https:\\\/\\\/podcast.felixwesch.de\\\/20250305_Fertig_128kbps.mp3&quot;,&quot;src&quot;:&quot;https:\\\/\\\/podcast.felixwesch.de\\\/20250305_Fertig_128kbps.mp3&quot;,&quot;featured&quot;:&quot;https:\\\/\\\/podcast.felixwesch.de\\\/podcast-cover.jpg&quot;,&quot;featured_id&quot;:0,&quot;mediatype&quot;:&quot;audio&quot;,&quot;season&quot;:0,&quot;categories&quot;:[],&quot;duration&quot;:&quot;42:58&quot;,&quot;episodetype&quot;:&quot;full&quot;,&quot;timestamp&quot;:1741687200,&quot;key&quot;:&quot;0a2e299b591a33c5b2272f6338f12abf&quot;,&quot;fset&quot;:&quot;&quot;,&quot;fratio&quot;:1},&quot;ppe-2949-13&quot;:{&quot;title&quot;:&quot;3. Naturfotografie: F\\u00fcr Einzelg\\u00e4nger oder eine soziale Veranstaltung?&quot;,&quot;description&quot;:&quot;&lt;p&gt;Lieber alleine mit der Kamera durch den Wald streifen und die Ruhe genie\\u00dfen oder in der Gruppe auf Motivsuche gehen? Oder doch besser zu zweit intensiv und vertrauensvoll fotografische Projekte realisieren? In unserer 3. Podcastfolge fragen wir uns, ob die Naturfotografie etwas f\\u00fcr Einzelg\\u00e4nger ist oder doch eine \\u201csoziale Veranstaltung\\u201d. Wieder einmal sind unsere Herangehensweisen und Vorlieben h\\u00f6chst unterschiedlich, so viel sei schon verraten. Welche Erfahrungen wir gemacht haben und welche Vor- und Nachteile die Naturfotografie alleine, zu zweit oder in der Gruppe hat und haben k\\u00f6nnte, diskutieren und beleuchten wir in dieser Folge.&lt;\\\/p&gt;\\n&quot;,&quot;author&quot;:&quot;Benjamin Waldmann, Felix Wesch&quot;,&quot;date&quot;:&quot;28. Februar 2025&quot;,&quot;link&quot;:&quot;https:\\\/\\\/podcast.felixwesch.de\\\/20250228_Fertig_128kbps.mp3&quot;,&quot;src&quot;:&quot;https:\\\/\\\/podcast.felixwesch.de\\\/20250228_Fertig_128kbps.mp3&quot;,&quot;featured&quot;:&quot;https:\\\/\\\/podcast.felixwesch.de\\\/podcast-cover.jpg&quot;,&quot;featured_id&quot;:0,&quot;mediatype&quot;:&quot;audio&quot;,&quot;season&quot;:0,&quot;categories&quot;:[],&quot;duration&quot;:&quot;39:42&quot;,&quot;episodetype&quot;:&quot;full&quot;,&quot;timestamp&quot;:1740736800,&quot;key&quot;:&quot;2ea18b5446297137d9a51cc8952e9cf6&quot;,&quot;fset&quot;:&quot;&quot;,&quot;fratio&quot;:1},&quot;ppe-2949-14&quot;:{&quot;title&quot;:&quot;2. Bildkritik oder wie selbstkritisch blicke ich auf meine Bilder?&quot;,&quot;description&quot;:&quot;&lt;p&gt;Wie selbstkritisch sind wir mit unseren Bildern? Kann man \\u00fcberhaupt selbstkritisch auf sein fotografisches Werk blicken? Und wie viele \\u201crichtig gute\\u201d Bilder haben wir eigentlich im vergangenen Jahr gemacht? In unserer zweiten Podcastfolge geht es um das Thema Bildkritik. Ein kritisches Thema\\u2026 ;-) Nach der Selbsteinsch\\u00e4tzung stellen wir uns den Fragen, wie oft wir eigentlich selbst Bildkritik von anderen bekommen und wie oft wir an anderen Bildern Kritik \\u00fcben. Wie wichtig finden wir solch eine Kritik und wie kann sie helfen f\\u00fcr eine fotografische Weiterentwicklung &#8211; oder auch nicht? Wir berichten von pers\\u00f6nlichen Anekdoten, von Kritik in der Gruppe und wie wir denken, dass Bildkritik wirklich anderen und einem selbst helfen kann.&lt;\\\/p&gt;\\n&quot;,&quot;author&quot;:&quot;Benjamin Waldmann, Felix Wesch&quot;,&quot;date&quot;:&quot;27. Januar 2025&quot;,&quot;link&quot;:&quot;https:\\\/\\\/podcast.felixwesch.de\\\/20250123_Fertig_128kbps.mp3&quot;,&quot;src&quot;:&quot;https:\\\/\\\/podcast.felixwesch.de\\\/20250123_Fertig_128kbps.mp3&quot;,&quot;featured&quot;:&quot;https:\\\/\\\/podcast.felixwesch.de\\\/podcast-cover.jpg&quot;,&quot;featured_id&quot;:0,&quot;mediatype&quot;:&quot;audio&quot;,&quot;season&quot;:0,&quot;categories&quot;:[],&quot;duration&quot;:&quot;47:15&quot;,&quot;episodetype&quot;:&quot;full&quot;,&quot;timestamp&quot;:1737972000,&quot;key&quot;:&quot;29b8a346034294157cb7705268e281a1&quot;,&quot;fset&quot;:&quot;&quot;,&quot;fratio&quot;:1},&quot;ppe-2949-15&quot;:{&quot;title&quot;:&quot;1. Macht Naturfotografie gl\\u00fccklich?&quot;,&quot;description&quot;:&quot;&lt;p&gt;In unserer ersten Folge geht es um Gl\\u00fcck. Gl\\u00fcck zu haben ist sch\\u00f6n. Gl\\u00fccklich sein auch. Doch macht Naturfotografie gl\\u00fccklich? Oder nicht? Oder nur teilweise? Wir tauchen ein in ein zugegebenerma\\u00dfen etwas philosophisches Thema mit vielen \\u201ewenn\\u201c und \\u201eaber\\u201c und ganz unterschiedlichen Interpretationen von Gl\\u00fcck, wenn wir mit der Kamera in der Hand losziehen.&lt;\\\/p&gt;\\n&quot;,&quot;author&quot;:&quot;Benjamin Waldmann, Felix Wesch&quot;,&quot;date&quot;:&quot;13. Januar 2025&quot;,&quot;link&quot;:&quot;https:\\\/\\\/podcast.felixwesch.de\\\/20241217_Fertig_128kbps.mp3&quot;,&quot;src&quot;:&quot;https:\\\/\\\/podcast.felixwesch.de\\\/20241217_Fertig_128kbps.mp3&quot;,&quot;featured&quot;:&quot;https:\\\/\\\/podcast.felixwesch.de\\\/podcast-cover.jpg&quot;,&quot;featured_id&quot;:0,&quot;mediatype&quot;:&quot;audio&quot;,&quot;season&quot;:0,&quot;categories&quot;:[],&quot;duration&quot;:&quot;35:50&quot;,&quot;episodetype&quot;:&quot;full&quot;,&quot;timestamp&quot;:1736762400,&quot;key&quot;:&quot;6f54e7ba8abef0334167c1a8edb582ca&quot;,&quot;fset&quot;:&quot;&quot;,&quot;fratio&quot;:1},&quot;load_info&quot;:{&quot;loaded&quot;:15,&quot;displayed&quot;:10,&quot;offset&quot;:0,&quot;maxItems&quot;:15,&quot;src&quot;:&quot;eae867d4bd5cd98572c828ed25d6b394&quot;,&quot;step&quot;:10,&quot;sortby&quot;:&quot;sort_date_desc&quot;,&quot;filterby&quot;:&quot;&quot;,&quot;fixed&quot;:&quot;&quot;,&quot;args&quot;:{&quot;imgurl&quot;:&quot;https:\\\/\\\/podcast.felixwesch.de\\\/podcast-cover.jpg&quot;,&quot;imgset&quot;:&quot;&quot;,&quot;display&quot;:&quot;&quot;,&quot;hddesc&quot;:0,&quot;hdfeat&quot;:0,&quot;oricov&quot;:&quot;https:\\\/\\\/podcast.felixwesch.de\\\/podcast-cover.jpg&quot;,&quot;elength&quot;:25}},&quot;rdata&quot;:{&quot;permalink&quot;:&quot;https:\\\/\\\/naturformat.de\\\/wordpress\\\/wp-json\\\/wp\\\/v2\\\/pages\\\/2211&quot;,&quot;fprint&quot;:&quot;eae867d4bd5cd98572c828ed25d6b394&quot;,&quot;from&quot;:&quot;feedurl&quot;,&quot;elen&quot;:25,&quot;eunit&quot;:&quot;&quot;,&quot;teaser&quot;:&quot;&quot;,&quot;title&quot;:&quot;Waldmann &amp; Wesch&quot;,&quot;autoplay&quot;:&quot;&quot;}}\"><div class=\"pp-podcast__wrapper\"><div class=\"pp-podcast__info pod-info\"><div class=\"pod-info__header pod-header\"><div class=\"pod-header__image\"><div class=\"pod-header__image-wrapper\"><img decoding=\"async\" class=\"podcast-cover-image\" src=\"https:\/\/podcast.felixwesch.de\/podcast-cover.jpg\" srcset=\"\" sizes=\"(max-width: 640px) 100vw, 25vw\" alt=\"Waldmann &amp; Wesch\"><\/div><span class=\"pod-header__image-style\" style=\"display: block; width: 100%; padding-top: 100%\"><\/div><div class=\"pod-header__items pod-items\"><div class=\"pod-items__title\">Waldmann &amp; Wesch<\/div><div class=\"pod-items__desc\"><p>Naturfotografische Reflektionen zwischen Wunsch und Wirklichkeit<\/p>\n<\/div><\/div><\/div><\/div><div class=\"pp-podcast__content pod-content\"><div class=\"pp-podcast__single\"><div class=\"pp-podcast__player\"><div class=\"pp-player-episode\"><audio id=\"pp-podcast-2949-player\" preload=\"none\" class=\"pp-podcast-episode\" style=\"width: 100%;\" controls=\"controls\"><source type=\"audio\/mpeg\" src=\"https:\/\/podcast.felixwesch.de\/20260327_Fertig_128kbps.mp3\" \/><\/audio><\/div><\/div><div class=\"pod-content__episode episode-single\"><button class=\"episode-single__close\" aria-expanded=\"false\" aria-label=\"Close Single Episode\"><span class=\"btn-icon-wrap\"><svg class=\"icon icon-pp-x\" aria-hidden=\"true\" role=\"img\" focusable=\"false\"><use href=\"#icon-pp-x\" xlink:href=\"#icon-pp-x\"><\/use><\/svg><\/span><\/button><div class=\"episode-single__wrapper\"><div class=\"episode-single__header\"><div class=\"episode-single__title\">15. Im Chaos der Fr\u00fchlingsgef\u00fchle<\/div><div class=\"episode-single__author\"><span class=\"byname\">by<\/span><span class=\"single-author\">Benjamin Waldmann, Felix Wesch<\/span><\/div><\/div><div class=\"episode-single__description\"><p>Der Fr\u00fchling ist da! Endlich k\u00f6nnen wir uns wieder Blausternchen, K\u00fcchenschellen, Buschwindr\u00f6schen und Co. hemmungslos hingeben. Alle Jahre wieder &#8211; fehlt Kreativit\u00e4t f\u00fcr neue Bildideen und Herangehensweisen, zumindest teilweise. Wie wir den Fr\u00fchling erleben, emotional, fotografisch und in unserem Kopfkino, erfahrt ihr in der 15. Folge unseres Podcasts. Wir sprechen \u00fcber Visionen vom \u201cperfekten\u201d Fr\u00fchlingsbild, \u00fcber geplante Fototouren, aber auch \u00fcber Ausfl\u00fcge in die Analogfotografie und einer erfolgreichen Ausstellungser\u00f6ffnung. Eine chaotisch bunte, emotionsreiche Fr\u00fchlingsfolge wartet auf euch \ud83d\ude09 <\/p><p>In der Folge angedrohte Links:<\/p><p>&#8211; <a href=\"https:\/\/www.felixwesch.de\/ausstellung\">Internetseite zur Ausstellung von Felix<\/a><br \/>&#8211; <a href=\"https:\/\/www.youtube.com\/watch?v=YkH6DmRablk\" data-rel=\"lightbox-video-0\">Video zum leuchtenden Buschwindr\u00f6schen in der blauen Stunde von Felix<\/a><\/p><\/div><\/div><div class=\"ppjs__img-wrapper \"><div class=\"ppjs__img-btn-cover\"><img decoding=\"async\" class=\"ppjs__img-btn\" src=\"https:\/\/podcast.felixwesch.de\/podcast-cover.jpg\" srcset=\"\" sizes=\"(max-width: 640px) 100vw, 300px\" alt=\"15. Im Chaos der Fr\u00fchlingsgef\u00fchle\"><\/div><div><span class=\"ppjs__img-btn-style\" style=\"display: block; width: 100%; padding-top: 100%\"><\/div><\/div><\/div><\/div><div class=\"pod-content__list episode-list\"><div class=\"episode-list__filters\"><div class=\"episode-list__search\"><label class=\"label-episode-search\"><span class=\"ppjs__offscreen\">Search Episodes<\/span><input type=\"text\" placeholder=\"Search Episodes\" title=\"Search Podcast Episodes\"\/><\/label><span class=\"episode-list__search-icon\"><svg class=\"icon icon-pp-search\" aria-hidden=\"true\" role=\"img\" focusable=\"false\"><use href=\"#icon-pp-search\" xlink:href=\"#icon-pp-search\"><\/use><\/svg><\/span><\/div><button class=\"episode-list__clear-search pod-button\"><svg class=\"icon icon-pp-x\" aria-hidden=\"true\" role=\"img\" focusable=\"false\"><use href=\"#icon-pp-x\" xlink:href=\"#icon-pp-x\"><\/use><\/svg><span class=\"ppjs__offscreen\">Clear Search<\/span><\/button><\/div><div class=\"episode-list__wrapper\">\n<div id=\"ppe-2949-1\" class=\"episode-list__entry pod-entry\" data-search-term=\"15. im chaos der fr\u00fchlingsgef\u00fchle\" data-cats=\"\">\n\t<div class=\"pod-entry__wrapper\">\n\t\t<div class=\"pod-entry__content\">\n\t\t\t<div class=\"pod-entry__title\">\n\t\t\t\t<a href=\"https:\/\/podcast.felixwesch.de\/20260327_Fertig_128kbps.mp3\">15. Im Chaos der Fr\u00fchlingsgef\u00fchle<\/a>\n\t\t\t<\/div>\n\t\t\t<div class=\"pod-entry__date\">27. M\u00e4rz 2026<\/div>\n\t\t\t\t\t\t\t<div class=\"pod-entry__author\">Benjamin Waldmann, Felix Wesch<\/div>\n\t\t\t\t\t<\/div>\n\t<\/div>\n<\/div>\n\n<div id=\"ppe-2949-2\" class=\"episode-list__entry pod-entry\" data-search-term=\"14. vom ausl\u00f6sen zum vergessen: fotos f\u00fcr den festplattenfriedhof\" data-cats=\"\">\n\t<div class=\"pod-entry__wrapper\">\n\t\t<div class=\"pod-entry__content\">\n\t\t\t<div class=\"pod-entry__title\">\n\t\t\t\t<a href=\"https:\/\/podcast.felixwesch.de\/20260305_Fertig_128kbps.mp3\">14. Vom Ausl\u00f6sen zum Vergessen: Fotos f\u00fcr den Festplattenfriedhof<\/a>\n\t\t\t<\/div>\n\t\t\t<div class=\"pod-entry__date\">5. M\u00e4rz 2026<\/div>\n\t\t\t\t\t\t\t<div class=\"pod-entry__author\">Benjamin Waldmann, Felix Wesch<\/div>\n\t\t\t\t\t<\/div>\n\t<\/div>\n<\/div>\n\n<div id=\"ppe-2949-3\" class=\"episode-list__entry pod-entry\" data-search-term=\"13. warten auf die geduld\" data-cats=\"\">\n\t<div class=\"pod-entry__wrapper\">\n\t\t<div class=\"pod-entry__content\">\n\t\t\t<div class=\"pod-entry__title\">\n\t\t\t\t<a href=\"https:\/\/podcast.felixwesch.de\/20260201_Fertig_128kbps.mp3\">13. Warten auf die Geduld<\/a>\n\t\t\t<\/div>\n\t\t\t<div class=\"pod-entry__date\">1. Februar 2026<\/div>\n\t\t\t\t\t\t\t<div class=\"pod-entry__author\">Benjamin Waldmann, Felix Wesch<\/div>\n\t\t\t\t\t<\/div>\n\t<\/div>\n<\/div>\n\n<div id=\"ppe-2949-4\" class=\"episode-list__entry pod-entry\" data-search-term=\"12. gemeinsam auf fototour oder die fast perfekten bedingungen\" data-cats=\"\">\n\t<div class=\"pod-entry__wrapper\">\n\t\t<div class=\"pod-entry__content\">\n\t\t\t<div class=\"pod-entry__title\">\n\t\t\t\t<a href=\"https:\/\/podcast.felixwesch.de\/20251214_Fertig_128kbps.mp3\">12. Gemeinsam auf Fototour oder die fast perfekten Bedingungen<\/a>\n\t\t\t<\/div>\n\t\t\t<div class=\"pod-entry__date\">14. Dezember 2025<\/div>\n\t\t\t\t\t\t\t<div class=\"pod-entry__author\">Benjamin Waldmann, Felix Wesch<\/div>\n\t\t\t\t\t<\/div>\n\t<\/div>\n<\/div>\n\n<div id=\"ppe-2949-5\" class=\"episode-list__entry pod-entry\" data-search-term=\"11. l\u00fcnen &#8211; ein r\u00fcckblick auf das internationale naturfotofestival der gdt\" data-cats=\"\">\n\t<div class=\"pod-entry__wrapper\">\n\t\t<div class=\"pod-entry__content\">\n\t\t\t<div class=\"pod-entry__title\">\n\t\t\t\t<a href=\"https:\/\/podcast.felixwesch.de\/20251030_Fertig_128kbps.mp3\">11. L\u00fcnen &#8211; ein R\u00fcckblick auf das Internationale Naturfotofestival der GDT<\/a>\n\t\t\t<\/div>\n\t\t\t<div class=\"pod-entry__date\">30. Oktober 2025<\/div>\n\t\t\t\t\t\t\t<div class=\"pod-entry__author\">Benjamin Waldmann, Felix Wesch<\/div>\n\t\t\t\t\t<\/div>\n\t<\/div>\n<\/div>\n\n<div id=\"ppe-2949-6\" class=\"episode-list__entry pod-entry\" data-search-term=\"10. naturfotografie im urlaub\" data-cats=\"\">\n\t<div class=\"pod-entry__wrapper\">\n\t\t<div class=\"pod-entry__content\">\n\t\t\t<div class=\"pod-entry__title\">\n\t\t\t\t<a href=\"https:\/\/podcast.felixwesch.de\/20251021_Fertig_128kbps.mp3\">10. Naturfotografie im Urlaub<\/a>\n\t\t\t<\/div>\n\t\t\t<div class=\"pod-entry__date\">21. Oktober 2025<\/div>\n\t\t\t\t\t\t\t<div class=\"pod-entry__author\">Benjamin Waldmann, Felix Wesch<\/div>\n\t\t\t\t\t<\/div>\n\t<\/div>\n<\/div>\n\n<div id=\"ppe-2949-7\" class=\"episode-list__entry pod-entry\" data-search-term=\"9. zuh\u00f6rer:innen-folge\" data-cats=\"\">\n\t<div class=\"pod-entry__wrapper\">\n\t\t<div class=\"pod-entry__content\">\n\t\t\t<div class=\"pod-entry__title\">\n\t\t\t\t<a href=\"https:\/\/podcast.felixwesch.de\/20250814_Fertig_128kbps.mp3\">9. Zuh\u00f6rer:innen-Folge<\/a>\n\t\t\t<\/div>\n\t\t\t<div class=\"pod-entry__date\">17. August 2025<\/div>\n\t\t\t\t\t\t\t<div class=\"pod-entry__author\">Benjamin Waldmann, Felix Wesch<\/div>\n\t\t\t\t\t<\/div>\n\t<\/div>\n<\/div>\n\n<div id=\"ppe-2949-8\" class=\"episode-list__entry pod-entry\" data-search-term=\"8. massenindividualit\u00e4t in der naturfotografie\" data-cats=\"\">\n\t<div class=\"pod-entry__wrapper\">\n\t\t<div class=\"pod-entry__content\">\n\t\t\t<div class=\"pod-entry__title\">\n\t\t\t\t<a href=\"https:\/\/podcast.felixwesch.de\/20250724_Fertig_128kbps.mp3\">8. Massenindividualit\u00e4t in der Naturfotografie<\/a>\n\t\t\t<\/div>\n\t\t\t<div class=\"pod-entry__date\">29. Juli 2025<\/div>\n\t\t\t\t\t\t\t<div class=\"pod-entry__author\">Benjamin Waldmann, Felix Wesch<\/div>\n\t\t\t\t\t<\/div>\n\t<\/div>\n<\/div>\n\n<div id=\"ppe-2949-9\" class=\"episode-list__entry pod-entry\" data-search-term=\"7. social media und naturfotografie\" data-cats=\"\">\n\t<div class=\"pod-entry__wrapper\">\n\t\t<div class=\"pod-entry__content\">\n\t\t\t<div class=\"pod-entry__title\">\n\t\t\t\t<a href=\"https:\/\/podcast.felixwesch.de\/20250620_Fertig_128kbps.mp3\">7. Social Media und Naturfotografie<\/a>\n\t\t\t<\/div>\n\t\t\t<div class=\"pod-entry__date\">22. Juni 2025<\/div>\n\t\t\t\t\t\t\t<div class=\"pod-entry__author\">Benjamin Waldmann, Felix Wesch<\/div>\n\t\t\t\t\t<\/div>\n\t<\/div>\n<\/div>\n\n<div id=\"ppe-2949-10\" class=\"episode-list__entry pod-entry\" data-search-term=\"6. der fotografische blick &#8211; von der motivsuche \u00fcber das licht zur bild\u00e4sthetik\" data-cats=\"\">\n\t<div class=\"pod-entry__wrapper\">\n\t\t<div class=\"pod-entry__content\">\n\t\t\t<div class=\"pod-entry__title\">\n\t\t\t\t<a href=\"https:\/\/podcast.felixwesch.de\/20250429_Fertig_128kbps.mp3\">6. Der fotografische Blick &#8211; von der Motivsuche \u00fcber das Licht zur Bild\u00e4sthetik<\/a>\n\t\t\t<\/div>\n\t\t\t<div class=\"pod-entry__date\">29. April 2025<\/div>\n\t\t\t\t\t\t\t<div class=\"pod-entry__author\">Benjamin Waldmann, Felix Wesch<\/div>\n\t\t\t\t\t<\/div>\n\t<\/div>\n<\/div>\n<div class=\"lm-button-wrapper\"><button class=\"episode-list__load-more\"><span>Load More<\/span><\/button><\/div><div class=\"episode-list__search-results episode-search\"><span class=\"ppjs__offscreen\">Search Results placeholder<\/span><\/div><\/div><\/div><div class=\"ppjs__list-reveal\"><div class=\"ppjs__button\"><button class=\"pp-prev-btn\"><span class=\"ppjs__offscreen\">Previous Episode<\/span><span class=\"btn-icon-wrap\"><svg class=\"icon icon-pp-previous\" aria-hidden=\"true\" role=\"img\" focusable=\"false\"><use href=\"#icon-pp-previous\" xlink:href=\"#icon-pp-previous\"><\/use><\/svg><\/span><\/button><\/div><div class=\"ppjs__button\"><button class=\"pp-list-btn\"><span class=\"ppjs__offscreen\">Show Episodes List<\/span><span class=\"btn-icon-wrap\"><svg class=\"icon icon-pp-show-list\" aria-hidden=\"true\" role=\"img\" focusable=\"false\"><use href=\"#icon-pp-show-list\" xlink:href=\"#icon-pp-show-list\"><\/use><\/svg><svg class=\"icon icon-pp-hide-list\" aria-hidden=\"true\" role=\"img\" focusable=\"false\"><use href=\"#icon-pp-hide-list\" xlink:href=\"#icon-pp-hide-list\"><\/use><\/svg><\/span><\/button><\/div><div class=\"ppjs__button\"><button class=\"pp-next-btn\"><span class=\"ppjs__offscreen\">Next Episode<\/span><span class=\"btn-icon-wrap\"><svg class=\"icon icon-pp-next\" aria-hidden=\"true\" role=\"img\" focusable=\"false\"><use href=\"#icon-pp-next\" xlink:href=\"#icon-pp-next\"><\/use><\/svg><\/span><\/button><\/div><\/div><\/div><\/div><div class=\"pod-content__launcher pod-launch\"><button class=\"pod-launch__button pod-launch__info pod-button\" aria-expanded=\"false\"><span class=\"ppjs__offscreen\">Show Podcast Information<\/span><span class=\"btn-icon-wrap\"><svg class=\"icon icon-pp-podcast\" aria-hidden=\"true\" role=\"img\" focusable=\"false\"><use href=\"#icon-pp-podcast\" xlink:href=\"#icon-pp-podcast\"><\/use><\/svg><svg class=\"icon icon-pp-x\" aria-hidden=\"true\" role=\"img\" focusable=\"false\"><use href=\"#icon-pp-x\" xlink:href=\"#icon-pp-x\"><\/use><\/svg><\/span><\/button><\/div><\/div>\n","protected":false},"excerpt":{"rendered":"<p>An einem Abend auf dem Internationalen Naturfotofestival der Gesellschaft f\u00fcr Naturfotografie e.V. 2024 in L\u00fcnen kamen Felix Wesch (Bonn) und mir die Idee zu einem&hellip; <\/p>\n","protected":false},"author":1,"featured_media":0,"parent":0,"menu_order":0,"comment_status":"closed","ping_status":"closed","template":"page-templates\/gallery-template.php","meta":{"footnotes":""},"folder":[],"class_list":["post-2211","page","type-page","status-publish","hentry"],"yoast_head":"<!-- This site is optimized with the Yoast SEO plugin v24.2 - https:\/\/yoast.com\/wordpress\/plugins\/seo\/ -->\n<title>Podcast - naturformat<\/title>\n<meta name=\"robots\" content=\"index, follow, max-snippet:-1, max-image-preview:large, max-video-preview:-1\" \/>\n<link rel=\"canonical\" href=\"https:\/\/naturformat.de\/wordpress\/podcast\/\" \/>\n<meta property=\"og:locale\" content=\"de_DE\" \/>\n<meta property=\"og:type\" content=\"article\" \/>\n<meta property=\"og:title\" content=\"Podcast - naturformat\" \/>\n<meta property=\"og:description\" content=\"An einem Abend auf dem Internationalen Naturfotofestival der Gesellschaft f\u00fcr Naturfotografie e.V. 2024 in L\u00fcnen kamen Felix Wesch (Bonn) und mir die Idee zu einem&hellip;\" \/>\n<meta property=\"og:url\" content=\"https:\/\/naturformat.de\/wordpress\/podcast\/\" \/>\n<meta property=\"og:site_name\" content=\"naturformat\" \/>\n<meta property=\"article:modified_time\" content=\"2025-01-15T18:07:42+00:00\" \/>\n<meta property=\"og:image\" content=\"https:\/\/naturformat.de\/wordpress\/wp-content\/uploads\/2025\/01\/podcast_logo_waldmann_wesch_3000x2250-scaled.jpg\" \/>\n\t<meta property=\"og:image:width\" content=\"2560\" \/>\n\t<meta property=\"og:image:height\" content=\"1920\" \/>\n\t<meta property=\"og:image:type\" content=\"image\/jpeg\" \/>\n<meta name=\"twitter:card\" content=\"summary_large_image\" \/>\n<meta name=\"twitter:label1\" content=\"Gesch\u00e4tzte Lesezeit\" \/>\n\t<meta name=\"twitter:data1\" content=\"2\u00a0Minuten\" \/>\n<script type=\"application\/ld+json\" class=\"yoast-schema-graph\">{\"@context\":\"https:\/\/schema.org\",\"@graph\":[{\"@type\":\"WebPage\",\"@id\":\"https:\/\/naturformat.de\/wordpress\/podcast\/\",\"url\":\"https:\/\/naturformat.de\/wordpress\/podcast\/\",\"name\":\"Podcast - naturformat\",\"isPartOf\":{\"@id\":\"https:\/\/naturformat.de\/wordpress\/#website\"},\"primaryImageOfPage\":{\"@id\":\"https:\/\/naturformat.de\/wordpress\/podcast\/#primaryimage\"},\"image\":{\"@id\":\"https:\/\/naturformat.de\/wordpress\/podcast\/#primaryimage\"},\"thumbnailUrl\":\"https:\/\/naturformat.de\/wordpress\/wp-content\/uploads\/2025\/01\/podcast_logo_waldmann_wesch_3000x2250-1024x768.jpg\",\"datePublished\":\"2025-01-15T17:41:58+00:00\",\"dateModified\":\"2025-01-15T18:07:42+00:00\",\"breadcrumb\":{\"@id\":\"https:\/\/naturformat.de\/wordpress\/podcast\/#breadcrumb\"},\"inLanguage\":\"de\",\"potentialAction\":[{\"@type\":\"ReadAction\",\"target\":[\"https:\/\/naturformat.de\/wordpress\/podcast\/\"]}]},{\"@type\":\"ImageObject\",\"inLanguage\":\"de\",\"@id\":\"https:\/\/naturformat.de\/wordpress\/podcast\/#primaryimage\",\"url\":\"https:\/\/naturformat.de\/wordpress\/wp-content\/uploads\/2025\/01\/podcast_logo_waldmann_wesch_3000x2250-scaled.jpg\",\"contentUrl\":\"https:\/\/naturformat.de\/wordpress\/wp-content\/uploads\/2025\/01\/podcast_logo_waldmann_wesch_3000x2250-scaled.jpg\",\"width\":2560,\"height\":1920},{\"@type\":\"BreadcrumbList\",\"@id\":\"https:\/\/naturformat.de\/wordpress\/podcast\/#breadcrumb\",\"itemListElement\":[{\"@type\":\"ListItem\",\"position\":1,\"name\":\"Startseite\",\"item\":\"https:\/\/naturformat.de\/wordpress\/\"},{\"@type\":\"ListItem\",\"position\":2,\"name\":\"Podcast\"}]},{\"@type\":\"WebSite\",\"@id\":\"https:\/\/naturformat.de\/wordpress\/#website\",\"url\":\"https:\/\/naturformat.de\/wordpress\/\",\"name\":\"naturformat\",\"description\":\"Photography by Benjamin Waldmann\",\"potentialAction\":[{\"@type\":\"SearchAction\",\"target\":{\"@type\":\"EntryPoint\",\"urlTemplate\":\"https:\/\/naturformat.de\/wordpress\/?s={search_term_string}\"},\"query-input\":{\"@type\":\"PropertyValueSpecification\",\"valueRequired\":true,\"valueName\":\"search_term_string\"}}],\"inLanguage\":\"de\"}]}<\/script>\n<!-- \/ Yoast SEO plugin. -->","yoast_head_json":{"title":"Podcast - naturformat","robots":{"index":"index","follow":"follow","max-snippet":"max-snippet:-1","max-image-preview":"max-image-preview:large","max-video-preview":"max-video-preview:-1"},"canonical":"https:\/\/naturformat.de\/wordpress\/podcast\/","og_locale":"de_DE","og_type":"article","og_title":"Podcast - naturformat","og_description":"An einem Abend auf dem Internationalen Naturfotofestival der Gesellschaft f\u00fcr Naturfotografie e.V. 2024 in L\u00fcnen kamen Felix Wesch (Bonn) und mir die Idee zu einem&hellip;","og_url":"https:\/\/naturformat.de\/wordpress\/podcast\/","og_site_name":"naturformat","article_modified_time":"2025-01-15T18:07:42+00:00","og_image":[{"width":2560,"height":1920,"url":"https:\/\/naturformat.de\/wordpress\/wp-content\/uploads\/2025\/01\/podcast_logo_waldmann_wesch_3000x2250-scaled.jpg","type":"image\/jpeg"}],"twitter_card":"summary_large_image","twitter_misc":{"Gesch\u00e4tzte Lesezeit":"2\u00a0Minuten"},"schema":{"@context":"https:\/\/schema.org","@graph":[{"@type":"WebPage","@id":"https:\/\/naturformat.de\/wordpress\/podcast\/","url":"https:\/\/naturformat.de\/wordpress\/podcast\/","name":"Podcast - naturformat","isPartOf":{"@id":"https:\/\/naturformat.de\/wordpress\/#website"},"primaryImageOfPage":{"@id":"https:\/\/naturformat.de\/wordpress\/podcast\/#primaryimage"},"image":{"@id":"https:\/\/naturformat.de\/wordpress\/podcast\/#primaryimage"},"thumbnailUrl":"https:\/\/naturformat.de\/wordpress\/wp-content\/uploads\/2025\/01\/podcast_logo_waldmann_wesch_3000x2250-1024x768.jpg","datePublished":"2025-01-15T17:41:58+00:00","dateModified":"2025-01-15T18:07:42+00:00","breadcrumb":{"@id":"https:\/\/naturformat.de\/wordpress\/podcast\/#breadcrumb"},"inLanguage":"de","potentialAction":[{"@type":"ReadAction","target":["https:\/\/naturformat.de\/wordpress\/podcast\/"]}]},{"@type":"ImageObject","inLanguage":"de","@id":"https:\/\/naturformat.de\/wordpress\/podcast\/#primaryimage","url":"https:\/\/naturformat.de\/wordpress\/wp-content\/uploads\/2025\/01\/podcast_logo_waldmann_wesch_3000x2250-scaled.jpg","contentUrl":"https:\/\/naturformat.de\/wordpress\/wp-content\/uploads\/2025\/01\/podcast_logo_waldmann_wesch_3000x2250-scaled.jpg","width":2560,"height":1920},{"@type":"BreadcrumbList","@id":"https:\/\/naturformat.de\/wordpress\/podcast\/#breadcrumb","itemListElement":[{"@type":"ListItem","position":1,"name":"Startseite","item":"https:\/\/naturformat.de\/wordpress\/"},{"@type":"ListItem","position":2,"name":"Podcast"}]},{"@type":"WebSite","@id":"https:\/\/naturformat.de\/wordpress\/#website","url":"https:\/\/naturformat.de\/wordpress\/","name":"naturformat","description":"Photography by Benjamin Waldmann","potentialAction":[{"@type":"SearchAction","target":{"@type":"EntryPoint","urlTemplate":"https:\/\/naturformat.de\/wordpress\/?s={search_term_string}"},"query-input":{"@type":"PropertyValueSpecification","valueRequired":true,"valueName":"search_term_string"}}],"inLanguage":"de"}]}},"jetpack_sharing_enabled":true,"_links":{"self":[{"href":"https:\/\/naturformat.de\/wordpress\/wp-json\/wp\/v2\/pages\/2211","targetHints":{"allow":["GET"]}}],"collection":[{"href":"https:\/\/naturformat.de\/wordpress\/wp-json\/wp\/v2\/pages"}],"about":[{"href":"https:\/\/naturformat.de\/wordpress\/wp-json\/wp\/v2\/types\/page"}],"author":[{"embeddable":true,"href":"https:\/\/naturformat.de\/wordpress\/wp-json\/wp\/v2\/users\/1"}],"replies":[{"embeddable":true,"href":"https:\/\/naturformat.de\/wordpress\/wp-json\/wp\/v2\/comments?post=2211"}],"version-history":[{"count":13,"href":"https:\/\/naturformat.de\/wordpress\/wp-json\/wp\/v2\/pages\/2211\/revisions"}],"predecessor-version":[{"id":2227,"href":"https:\/\/naturformat.de\/wordpress\/wp-json\/wp\/v2\/pages\/2211\/revisions\/2227"}],"wp:attachment":[{"href":"https:\/\/naturformat.de\/wordpress\/wp-json\/wp\/v2\/media?parent=2211"}],"wp:term":[{"taxonomy":"folder","embeddable":true,"href":"https:\/\/naturformat.de\/wordpress\/wp-json\/wp\/v2\/folder?post=2211"}],"curies":[{"name":"wp","href":"https:\/\/api.w.org\/{rel}","templated":true}]}}